{"id":270,"date":"2025-10-24T10:16:39","date_gmt":"2025-10-24T10:16:39","guid":{"rendered":"https:\/\/www.nadinesalem.fr\/?page_id=270"},"modified":"2025-11-25T14:32:11","modified_gmt":"2025-11-25T14:32:11","slug":"news-nadine-salem","status":"publish","type":"page","link":"https:\/\/www.nadinesalem.fr\/en\/news-nadine-salem\/","title":{"rendered":"News"},"content":{"rendered":"<div data-elementor-type=\"wp-page\" data-elementor-id=\"270\" class=\"elementor elementor-270\" data-elementor-post-type=\"page\">\n\t\t\t\t<div class=\"elementor-element elementor-element-70f9423 e-flex e-con-boxed e-con e-parent\" data-id=\"70f9423\" data-element_type=\"container\">\n\t\t\t\t\t<div class=\"e-con-inner\">\n\t\t\t\t<div class=\"elementor-element elementor-element-a7e44fe elementor-widget elementor-widget-spacer\" data-id=\"a7e44fe\" data-element_type=\"widget\" data-widget_type=\"spacer.default\">\n\t\t\t\t<div class=\"elementor-widget-container\">\n\t\t\t\t\t\t\t<div class=\"elementor-spacer\">\n\t\t\t<div class=\"elementor-spacer-inner\"><\/div>\n\t\t<\/div>\n\t\t\t\t\t\t<\/div>\n\t\t\t\t<\/div>\n\t\t\t\t<div class=\"elementor-element elementor-element-ca90477 elementor-widget elementor-widget-heading\" data-id=\"ca90477\" data-element_type=\"widget\" data-widget_type=\"heading.default\">\n\t\t\t\t<div class=\"elementor-widget-container\">\n\t\t\t\t\t<h1 class=\"elementor-heading-title elementor-size-default\">Nadine Salem's News<\/h1>\t\t\t\t<\/div>\n\t\t\t\t<\/div>\n\t\t\t\t<div class=\"elementor-element elementor-element-e711bb0 elementor-widget elementor-widget-text-editor\" data-id=\"e711bb0\" data-element_type=\"widget\" data-widget_type=\"text-editor.default\">\n\t\t\t\t<div class=\"elementor-widget-container\">\n\t\t\t\t\t\t\t\t\t<p class=\"translation-block\">Find <strong>all the latest updates<\/strong> about <strong>Nadine Salem<\/strong> here.<br>\nInterviews, past exhibitions, retrospectives, insights into her work, and much more!<\/p>\t\t\t\t\t\t\t\t<\/div>\n\t\t\t\t<\/div>\n\t\t\t\t\t<\/div>\n\t\t\t\t<\/div>\n\t\t<div class=\"elementor-element elementor-element-2ef466d e-flex e-con-boxed e-con e-parent\" data-id=\"2ef466d\" data-element_type=\"container\">\n\t\t\t\t\t<div class=\"e-con-inner\">\n\t\t\t\t<div class=\"elementor-element elementor-element-359f72d elementor-grid-2 elementor-posts--thumbnail-left elementor-grid-tablet-2 elementor-grid-mobile-1 elementor-widget elementor-widget-posts\" data-id=\"359f72d\" data-element_type=\"widget\" data-settings=\"{&quot;classic_columns&quot;:&quot;2&quot;,&quot;classic_columns_tablet&quot;:&quot;2&quot;,&quot;classic_columns_mobile&quot;:&quot;1&quot;,&quot;classic_row_gap&quot;:{&quot;unit&quot;:&quot;px&quot;,&quot;size&quot;:35,&quot;sizes&quot;:[]},&quot;classic_row_gap_tablet&quot;:{&quot;unit&quot;:&quot;px&quot;,&quot;size&quot;:&quot;&quot;,&quot;sizes&quot;:[]},&quot;classic_row_gap_mobile&quot;:{&quot;unit&quot;:&quot;px&quot;,&quot;size&quot;:&quot;&quot;,&quot;sizes&quot;:[]},&quot;load_more_spinner&quot;:{&quot;value&quot;:&quot;fas fa-spinner&quot;,&quot;library&quot;:&quot;fa-solid&quot;}}\" data-widget_type=\"posts.classic\">\n\t\t\t\t<div class=\"elementor-widget-container\">\n\t\t\t\t\t\t\t<div class=\"elementor-posts-container elementor-posts elementor-posts--skin-classic elementor-grid\">\n\t\t\t\t<article class=\"elementor-post elementor-grid-item post-1838 post type-post status-publish format-standard has-post-thumbnail hentry category-actualites category-expos-tempo\">\n\t\t\t\t<a class=\"elementor-post__thumbnail__link\" href=\"https:\/\/www.nadinesalem.fr\/en\/painting-exhibition-rochefort\/\" tabindex=\"-1\" >\n\t\t\t<div class=\"elementor-post__thumbnail\"><img fetchpriority=\"high\" decoding=\"async\" width=\"614\" height=\"900\" src=\"https:\/\/www.nadinesalem.fr\/wp-content\/uploads\/Avant-les-oiseaux-130X89cm.webp\" class=\"attachment-full size-full wp-image-1839\" alt=\"Art exhibition in Rochefort\" srcset=\"https:\/\/www.nadinesalem.fr\/wp-content\/uploads\/Avant-les-oiseaux-130X89cm.webp 614w, https:\/\/www.nadinesalem.fr\/wp-content\/uploads\/Avant-les-oiseaux-130X89cm-205x300.webp 205w, https:\/\/www.nadinesalem.fr\/wp-content\/uploads\/Avant-les-oiseaux-130X89cm-8x12.webp 8w\" sizes=\"(max-width: 614px) 100vw, 614px\" \/><\/div>\n\t\t<\/a>\n\t\t\t\t<div class=\"elementor-post__text\">\n\t\t\t\t<h3 class=\"elementor-post__title\">\n\t\t\t<a href=\"https:\/\/www.nadinesalem.fr\/en\/painting-exhibition-rochefort\/\" >\n\t\t\t\tOpen Studios Painting Exhibition in Rochefort | March 21\u201322, 2026\t\t\t<\/a>\n\t\t<\/h3>\n\t\t\t\t<div class=\"elementor-post__excerpt\">\n\t\t\t<p>Open Studios Art Exhibition in Rochefort - Looking for an art exhibition in Rochefort to explore next spring? Portes Ouvertes \u2013 Travaux d\u2019Artistes is a wonderful opportunity<\/p>\n\t\t<\/div>\n\t\t\n\t\t<a class=\"elementor-post__read-more\" href=\"https:\/\/www.nadinesalem.fr\/en\/painting-exhibition-rochefort\/\" aria-label=\"Read more about Exposition peinture Portes Ouvertes \u00e0 Rochefort du 21 et 22 mars\" tabindex=\"-1\" >\n\t\t\tRead more \u00bb\t\t<\/a>\n\n\t\t\t\t<\/div>\n\t\t\t\t<\/article>\n\t\t\t\t<article class=\"elementor-post elementor-grid-item post-1708 post type-post status-publish format-standard has-post-thumbnail hentry category-actualites\">\n\t\t\t\t<a class=\"elementor-post__thumbnail__link\" href=\"https:\/\/www.nadinesalem.fr\/en\/european-artist-painter\/\" tabindex=\"-1\" >\n\t\t\t<div class=\"elementor-post__thumbnail\"><img decoding=\"async\" width=\"459\" height=\"900\" src=\"https:\/\/www.nadinesalem.fr\/wp-content\/uploads\/Catrou-mysterieux-bord-d-estuaire-100X140cm.webp\" class=\"attachment-full size-full wp-image-1711\" alt=\"European painter\" srcset=\"https:\/\/www.nadinesalem.fr\/wp-content\/uploads\/Catrou-mysterieux-bord-d-estuaire-100X140cm.webp 459w, https:\/\/www.nadinesalem.fr\/wp-content\/uploads\/Catrou-mysterieux-bord-d-estuaire-100X140cm-153x300.webp 153w\" sizes=\"(max-width: 459px) 100vw, 459px\" \/><\/div>\n\t\t<\/a>\n\t\t\t\t<div class=\"elementor-post__text\">\n\t\t\t\t<h3 class=\"elementor-post__title\">\n\t\t\t<a href=\"https:\/\/www.nadinesalem.fr\/en\/european-artist-painter\/\" >\n\t\t\t\tNADINE SALEM, EUROPEAN PAINTER WITH MULTIPLE CONTEMPORARY WORLDS\t\t\t<\/a>\n\t\t<\/h3>\n\t\t\t\t<div class=\"elementor-post__excerpt\">\n\t\t\t<p>European painter\t- An approach as a European painter rooted in Charente-Maritime. A mental photograph of the place of an exhibition with several artists,<\/p>\n\t\t<\/div>\n\t\t\n\t\t<a class=\"elementor-post__read-more\" href=\"https:\/\/www.nadinesalem.fr\/en\/european-artist-painter\/\" aria-label=\"Read more about Nadine Salem, artiste peintre europ\u00e9enne aux univers multiples et contemporains\" tabindex=\"-1\" >\n\t\t\tRead more \u00bb\t\t<\/a>\n\n\t\t\t\t<\/div>\n\t\t\t\t<\/article>\n\t\t\t\t<article class=\"elementor-post elementor-grid-item post-1652 post type-post status-publish format-standard has-post-thumbnail hentry category-actualites category-expos-tempo\">\n\t\t\t\t<a class=\"elementor-post__thumbnail__link\" href=\"https:\/\/www.nadinesalem.fr\/en\/painting-exhibition-charente-maritime-unik\/\" tabindex=\"-1\" >\n\t\t\t<div class=\"elementor-post__thumbnail\"><img decoding=\"async\" width=\"613\" height=\"878\" src=\"https:\/\/www.nadinesalem.fr\/wp-content\/uploads\/UNIK_Bourcefranc-le-Chapus-2025.webp\" class=\"attachment-full size-full wp-image-1469\" alt=\"Nadine Salem Exhibitions\" srcset=\"https:\/\/www.nadinesalem.fr\/wp-content\/uploads\/UNIK_Bourcefranc-le-Chapus-2025.webp 613w, https:\/\/www.nadinesalem.fr\/wp-content\/uploads\/UNIK_Bourcefranc-le-Chapus-2025-209x300.webp 209w\" sizes=\"(max-width: 613px) 100vw, 613px\" \/><\/div>\n\t\t<\/a>\n\t\t\t\t<div class=\"elementor-post__text\">\n\t\t\t\t<h3 class=\"elementor-post__title\">\n\t\t\t<a href=\"https:\/\/www.nadinesalem.fr\/en\/painting-exhibition-charente-maritime-unik\/\" >\n\t\t\t\tUNIK' in Bourcefranc, December 6-24: Painting Exhibition, Charente-Maritime\t\t\t<\/a>\n\t\t<\/h3>\n\t\t\t\t<div class=\"elementor-post__excerpt\">\n\t\t\t<p>Painting exhibition in Charente-Maritime: you\u2019re looking for a cultural outing close to the ocean, something original and welcoming. Let us introduce UNIK\u2019, a Christmas art sale<\/p>\n\t\t<\/div>\n\t\t\n\t\t<a class=\"elementor-post__read-more\" href=\"https:\/\/www.nadinesalem.fr\/en\/painting-exhibition-charente-maritime-unik\/\" aria-label=\"Read more about UNIK&rsquo; \u00e0 Bourcefranc Du 6 au 24 d\u00e9cembre : Exposition peinture Charente-Maritime\" tabindex=\"-1\" >\n\t\t\tRead more \u00bb\t\t<\/a>\n\n\t\t\t\t<\/div>\n\t\t\t\t<\/article>\n\t\t\t\t<article class=\"elementor-post elementor-grid-item post-727 post type-post status-publish format-standard has-post-thumbnail hentry category-actualites\">\n\t\t\t\t<a class=\"elementor-post__thumbnail__link\" href=\"https:\/\/www.nadinesalem.fr\/en\/royan-arts-au-present-from-november-22nd-to-december-21st-2025\/\" tabindex=\"-1\" >\n\t\t\t<div class=\"elementor-post__thumbnail\"><img loading=\"lazy\" decoding=\"async\" width=\"848\" height=\"1200\" src=\"https:\/\/www.nadinesalem.fr\/wp-content\/uploads\/Art-au-present.webp\" class=\"attachment-full size-full wp-image-830\" alt=\"Nadine Salem Exhibitions\" srcset=\"https:\/\/www.nadinesalem.fr\/wp-content\/uploads\/Art-au-present.webp 848w, https:\/\/www.nadinesalem.fr\/wp-content\/uploads\/Art-au-present-212x300.webp 212w, https:\/\/www.nadinesalem.fr\/wp-content\/uploads\/Art-au-present-724x1024.webp 724w, https:\/\/www.nadinesalem.fr\/wp-content\/uploads\/Art-au-present-768x1087.webp 768w\" sizes=\"(max-width: 848px) 100vw, 848px\" \/><\/div>\n\t\t<\/a>\n\t\t\t\t<div class=\"elementor-post__text\">\n\t\t\t\t<h3 class=\"elementor-post__title\">\n\t\t\t<a href=\"https:\/\/www.nadinesalem.fr\/en\/royan-arts-au-present-from-november-22nd-to-december-21st-2025\/\" >\n\t\t\t\tRoyan Arts au Pr\u00e9sent from November 22nd to December 21st 2025\t\t\t<\/a>\n\t\t<\/h3>\n\t\t\t\t<div class=\"elementor-post__excerpt\">\n\t\t\t<p>PAINTER IN ROYAN: NADINE SALEM HONORED BY THE JURY - A painter in Royan in the spotlight. The jury of the \u201cRoyan Arts au Pr\u00e9sent\u201d exhibition selected Nadine Salem, a painter<\/p>\n\t\t<\/div>\n\t\t\n\t\t<a class=\"elementor-post__read-more\" href=\"https:\/\/www.nadinesalem.fr\/en\/royan-arts-au-present-from-november-22nd-to-december-21st-2025\/\" aria-label=\"Read more about Royan Arts au Pr\u00e9sent Du 22 Novembre au 21 d\u00e9cembre 2025\" tabindex=\"-1\" >\n\t\t\tRead more \u00bb\t\t<\/a>\n\n\t\t\t\t<\/div>\n\t\t\t\t<\/article>\n\t\t\t\t<article class=\"elementor-post elementor-grid-item post-747 post type-post status-publish format-standard has-post-thumbnail hentry category-actualites category-expos-tempo\">\n\t\t\t\t<a class=\"elementor-post__thumbnail__link\" href=\"https:\/\/www.nadinesalem.fr\/en\/contemporary-painter\/\" tabindex=\"-1\" >\n\t\t\t<div class=\"elementor-post__thumbnail\"><img loading=\"lazy\" decoding=\"async\" width=\"688\" height=\"900\" src=\"https:\/\/www.nadinesalem.fr\/wp-content\/uploads\/la-ville-rouge-116X89cm.webp\" class=\"attachment-full size-full wp-image-460\" alt=\"painter from Charente-Maritime\" srcset=\"https:\/\/www.nadinesalem.fr\/wp-content\/uploads\/la-ville-rouge-116X89cm.webp 688w, https:\/\/www.nadinesalem.fr\/wp-content\/uploads\/la-ville-rouge-116X89cm-229x300.webp 229w\" sizes=\"(max-width: 688px) 100vw, 688px\" \/><\/div>\n\t\t<\/a>\n\t\t\t\t<div class=\"elementor-post__text\">\n\t\t\t\t<h3 class=\"elementor-post__title\">\n\t\t\t<a href=\"https:\/\/www.nadinesalem.fr\/en\/contemporary-painter\/\" >\n\t\t\t\tContemporary painter: retrospective of exhibition posters\t\t\t<\/a>\n\t\t<\/h3>\n\t\t\t\t<div class=\"elementor-post__excerpt\">\n\t\t\t<p>Contemporary painter: this article presents a retrospective of the artist Nadine Salem. Here, you can browse a mosaic of exhibition posters that mark contemporary art shows<\/p>\n\t\t<\/div>\n\t\t\n\t\t<a class=\"elementor-post__read-more\" href=\"https:\/\/www.nadinesalem.fr\/en\/contemporary-painter\/\" aria-label=\"Read more about Peintre contemporain : r\u00e9trospective des affiches d\u2019expo\" tabindex=\"-1\" >\n\t\t\tRead more \u00bb\t\t<\/a>\n\n\t\t\t\t<\/div>\n\t\t\t\t<\/article>\n\t\t\t\t<article class=\"elementor-post elementor-grid-item post-749 post type-post status-publish format-standard has-post-thumbnail hentry category-actualites\">\n\t\t\t\t<a class=\"elementor-post__thumbnail__link\" href=\"https:\/\/www.nadinesalem.fr\/en\/painter-rochefort\/\" tabindex=\"-1\" >\n\t\t\t<div class=\"elementor-post__thumbnail\"><img loading=\"lazy\" decoding=\"async\" width=\"903\" height=\"900\" src=\"https:\/\/www.nadinesalem.fr\/wp-content\/uploads\/Le-5e-lotus-80X80cm.webp\" class=\"attachment-full size-full wp-image-544\" alt=\"Site internet Nadine Salem\" srcset=\"https:\/\/www.nadinesalem.fr\/wp-content\/uploads\/Le-5e-lotus-80X80cm.webp 903w, https:\/\/www.nadinesalem.fr\/wp-content\/uploads\/Le-5e-lotus-80X80cm-300x300.webp 300w, https:\/\/www.nadinesalem.fr\/wp-content\/uploads\/Le-5e-lotus-80X80cm-150x150.webp 150w, https:\/\/www.nadinesalem.fr\/wp-content\/uploads\/Le-5e-lotus-80X80cm-768x765.webp 768w\" sizes=\"(max-width: 903px) 100vw, 903px\" \/><\/div>\n\t\t<\/a>\n\t\t\t\t<div class=\"elementor-post__text\">\n\t\t\t\t<h3 class=\"elementor-post__title\">\n\t\t\t<a href=\"https:\/\/www.nadinesalem.fr\/en\/painter-rochefort\/\" >\n\t\t\t\tPainter Nadine Salem - New Website\t\t\t<\/a>\n\t\t<\/h3>\n\t\t\t\t<div class=\"elementor-post__excerpt\">\n\t\t\t<p>PAINTER IN ROCHEFORT: NADINE SALEM!\nNew website - Discover the new website of Nadine Salem, painter in Rochefort! A selection of her many works is presented<\/p>\n\t\t<\/div>\n\t\t\n\t\t<a class=\"elementor-post__read-more\" href=\"https:\/\/www.nadinesalem.fr\/en\/painter-rochefort\/\" aria-label=\"Read more about Artiste Peintre Rochefort Nadine Salem &#8211; Nouveau Site web\" tabindex=\"-1\" >\n\t\t\tRead more \u00bb\t\t<\/a>\n\n\t\t\t\t<\/div>\n\t\t\t\t<\/article>\n\t\t\t\t<\/div>\n\t\t\n\t\t\t\t\t\t<\/div>\n\t\t\t\t<\/div>\n\t\t\t\t<div class=\"elementor-element elementor-element-e4267e6 elementor-widget elementor-widget-spacer\" data-id=\"e4267e6\" data-element_type=\"widget\" data-widget_type=\"spacer.default\">\n\t\t\t\t<div class=\"elementor-widget-container\">\n\t\t\t\t\t\t\t<div class=\"elementor-spacer\">\n\t\t\t<div class=\"elementor-spacer-inner\"><\/div>\n\t\t<\/div>\n\t\t\t\t\t\t<\/div>\n\t\t\t\t<\/div>\n\t\t\t\t\t<\/div>\n\t\t\t\t<\/div>\n\t\t<div class=\"elementor-element elementor-element-439a319 e-flex e-con-boxed e-con e-parent\" data-id=\"439a319\" data-element_type=\"container\">\n\t\t\t\t\t<div class=\"e-con-inner\">\n\t\t<div class=\"elementor-element elementor-element-02c36f4 e-con-full e-flex e-con e-child\" data-id=\"02c36f4\" data-element_type=\"container\">\n\t\t\t\t<div class=\"elementor-element elementor-element-f91f9bf elementor-widget elementor-widget-image\" data-id=\"f91f9bf\" data-element_type=\"widget\" data-widget_type=\"image.default\">\n\t\t\t\t<div class=\"elementor-widget-container\">\n\t\t\t\t\t\t\t\t\t\t\t\t\t\t\t<img loading=\"lazy\" decoding=\"async\" width=\"725\" height=\"900\" src=\"https:\/\/www.nadinesalem.fr\/wp-content\/uploads\/rose-pensive.webp\" class=\"attachment-large size-large wp-image-479\" alt=\"Actualit\u00e9s de Nadine Salem\" srcset=\"https:\/\/www.nadinesalem.fr\/wp-content\/uploads\/rose-pensive.webp 725w, https:\/\/www.nadinesalem.fr\/wp-content\/uploads\/rose-pensive-242x300.webp 242w\" sizes=\"(max-width: 725px) 100vw, 725px\" \/>\t\t\t\t\t\t\t\t\t\t\t\t\t\t\t<\/div>\n\t\t\t\t<\/div>\n\t\t\t\t<\/div>\n\t\t<div class=\"elementor-element elementor-element-f4cfbf6 e-con-full e-flex e-con e-child\" data-id=\"f4cfbf6\" data-element_type=\"container\">\n\t\t\t\t<div class=\"elementor-element elementor-element-1918f11 elementor-widget__width-initial elementor-widget elementor-widget-image\" data-id=\"1918f11\" data-element_type=\"widget\" data-widget_type=\"image.default\">\n\t\t\t\t<div class=\"elementor-widget-container\">\n\t\t\t\t\t\t\t\t\t\t\t\t\t\t\t<img loading=\"lazy\" decoding=\"async\" width=\"1224\" height=\"900\" src=\"https:\/\/www.nadinesalem.fr\/wp-content\/uploads\/Pique-nique_avec_une_vache_130X97.webp\" class=\"attachment-full size-full wp-image-1479\" alt=\"Nadine Salem\" srcset=\"https:\/\/www.nadinesalem.fr\/wp-content\/uploads\/Pique-nique_avec_une_vache_130X97.webp 1224w, https:\/\/www.nadinesalem.fr\/wp-content\/uploads\/Pique-nique_avec_une_vache_130X97-300x221.webp 300w, https:\/\/www.nadinesalem.fr\/wp-content\/uploads\/Pique-nique_avec_une_vache_130X97-1024x753.webp 1024w, https:\/\/www.nadinesalem.fr\/wp-content\/uploads\/Pique-nique_avec_une_vache_130X97-768x565.webp 768w\" sizes=\"(max-width: 1224px) 100vw, 1224px\" \/>\t\t\t\t\t\t\t\t\t\t\t\t\t\t\t<\/div>\n\t\t\t\t<\/div>\n\t\t\t\t<\/div>\n\t\t<div class=\"elementor-element elementor-element-170508b e-con-full e-flex e-con e-child\" data-id=\"170508b\" data-element_type=\"container\">\n\t\t\t\t<div class=\"elementor-element elementor-element-0709dde elementor-widget elementor-widget-image\" data-id=\"0709dde\" data-element_type=\"widget\" data-widget_type=\"image.default\">\n\t\t\t\t<div class=\"elementor-widget-container\">\n\t\t\t\t\t\t\t\t\t\t\t\t\t\t\t<img loading=\"lazy\" decoding=\"async\" width=\"723\" height=\"900\" src=\"https:\/\/www.nadinesalem.fr\/wp-content\/uploads\/Route-sur-la-dune-81X65cm.webp\" class=\"attachment-large size-large wp-image-538\" alt=\"Nadine Salem News\" srcset=\"https:\/\/www.nadinesalem.fr\/wp-content\/uploads\/Route-sur-la-dune-81X65cm.webp 723w, https:\/\/www.nadinesalem.fr\/wp-content\/uploads\/Route-sur-la-dune-81X65cm-241x300.webp 241w\" sizes=\"(max-width: 723px) 100vw, 723px\" \/>\t\t\t\t\t\t\t\t\t\t\t\t\t\t\t<\/div>\n\t\t\t\t<\/div>\n\t\t\t\t<\/div>\n\t\t\t\t\t<\/div>\n\t\t\t\t<\/div>\n\t\t<div class=\"elementor-element elementor-element-5a1ea4e e-flex e-con-boxed e-con e-parent\" data-id=\"5a1ea4e\" data-element_type=\"container\">\n\t\t\t\t\t<div class=\"e-con-inner\">\n\t\t\t\t<div class=\"elementor-element elementor-element-f6ac8ee elementor-widget elementor-widget-heading\" data-id=\"f6ac8ee\" data-element_type=\"widget\" data-widget_type=\"heading.default\">\n\t\t\t\t<div class=\"elementor-widget-container\">\n\t\t\t\t\t<h2 class=\"elementor-heading-title elementor-size-default\">Nadine Salem News<\/h2>\t\t\t\t<\/div>\n\t\t\t\t<\/div>\n\t\t\t\t\t<\/div>\n\t\t\t\t<\/div>\n\t\t<div class=\"elementor-element elementor-element-0b9ae83 e-flex e-con-boxed e-con e-parent\" data-id=\"0b9ae83\" data-element_type=\"container\">\n\t\t\t\t\t<div class=\"e-con-inner\">\n\t\t\t\t<div class=\"elementor-element elementor-element-9c9a7ad elementor-widget elementor-widget-text-editor\" data-id=\"9c9a7ad\" data-element_type=\"widget\" data-widget_type=\"text-editor.default\">\n\t\t\t\t<div class=\"elementor-widget-container\">\n\t\t\t\t\t\t\t\t\t<p class=\"translation-block\">Let yourself be carried by light and matter. <strong>Painter Nadine Salem<\/strong> creates canvases that tell the story of both the nearby and distant world\u2026<\/p><p class=\"translation-block\">Through her travels, sketchbooks, and series, <strong>Nadine Salem<\/strong> captures the moment, then transforms it into bold colors and sensitive rhythms. In short, <a href=\"https:\/\/www.artistescontemporains.org\/artistes\/nadine-salem\/\" target=\"_blank\" rel=\"noopener\">each work is an invitation:<\/a> to look differently, feel more deeply, and come back again.<\/p><p class=\"translation-block\">And if you\u2019d like to understand her process\u2014her inspirations, techniques (oil, acrylic, inks), and exhibition path\u2014nothing beats a guided immersion. In just a few minutes, her <a href=\"https:\/\/www.nadinesalem.fr\/en\/painter-charente-maritime\/\" target=\"_blank\" rel=\"noopener\">introduction video<\/a> gives you the keys to her pictorial explorations\u2026<\/p>\t\t\t\t\t\t\t\t<\/div>\n\t\t\t\t<\/div>\n\t\t\t\t\t<\/div>\n\t\t\t\t<\/div>\n\t\t\t\t<\/div>","protected":false},"excerpt":{"rendered":"<p>Les actus de Nadine Salem Retrouvez ici les actualit\u00e9s de Nadine Salem.Interviews, expositions pass\u00e9es, r\u00e9trospectives, d\u00e9couvertes de ses \u0153uvres et bien plus ! Actualit\u00e9s Nadine Salem Laissez-vous porter par la lumi\u00e8re et la mati\u00e8re. L\u2019artiste peintre Nadine Salem compose des tableaux qui racontent le monde proche et lointain&#8230; \u00c0 travers ses voyages, ses carnets et [&hellip;]<\/p>\n","protected":false},"author":10,"featured_media":290,"parent":0,"menu_order":0,"comment_status":"closed","ping_status":"closed","template":"","meta":{"footnotes":""},"class_list":["post-270","page","type-page","status-publish","has-post-thumbnail","hentry"],"yoast_head":"<!-- This site is optimized with the Yoast SEO plugin v27.4 - https:\/\/yoast.com\/product\/yoast-seo-wordpress\/ -->\n<title>Actualit\u00e9s Nadine Salem - Nadine Salem<\/title>\n<meta name=\"description\" content=\"Retrouvez les actualit\u00e9s de Nadine Salem : derni\u00e8res expositions, mises en ab\u00eeme de ses \u0153uvres, interviews, etc.\" \/>\n<meta name=\"robots\" content=\"index, follow, max-snippet:-1, max-image-preview:large, max-video-preview:-1\" \/>\n<link rel=\"canonical\" href=\"https:\/\/www.nadinesalem.fr\/en\/news-nadine-salem\/\" \/>\n<meta property=\"og:locale\" content=\"en_GB\" \/>\n<meta property=\"og:type\" content=\"article\" \/>\n<meta property=\"og:title\" content=\"Actualit\u00e9s Nadine Salem - Nadine Salem\" \/>\n<meta property=\"og:description\" content=\"Retrouvez les actualit\u00e9s de Nadine Salem : derni\u00e8res expositions, mises en ab\u00eeme de ses \u0153uvres, interviews, etc.\" \/>\n<meta property=\"og:url\" content=\"https:\/\/www.nadinesalem.fr\/en\/news-nadine-salem\/\" \/>\n<meta property=\"og:site_name\" content=\"Nadine Salem\" \/>\n<meta property=\"article:publisher\" content=\"https:\/\/www.facebook.com\/nadine.salem.peintre?locale=fr_FR\" \/>\n<meta property=\"article:modified_time\" content=\"2025-11-25T14:32:11+00:00\" \/>\n<meta name=\"twitter:card\" content=\"summary_large_image\" \/>\n<meta name=\"twitter:label1\" content=\"Estimated reading time\" \/>\n\t<meta name=\"twitter:data1\" content=\"5 minutes\" \/>\n<script type=\"application\/ld+json\" class=\"yoast-schema-graph\">{\"@context\":\"https:\\\/\\\/schema.org\",\"@graph\":[{\"@type\":\"WebPage\",\"@id\":\"https:\\\/\\\/www.nadinesalem.fr\\\/actualites-nadine-salem\\\/\",\"url\":\"https:\\\/\\\/www.nadinesalem.fr\\\/actualites-nadine-salem\\\/\",\"name\":\"Actualit\u00e9s Nadine Salem - Nadine Salem\",\"isPartOf\":{\"@id\":\"https:\\\/\\\/www.nadinesalem.fr\\\/#website\"},\"primaryImageOfPage\":{\"@id\":\"https:\\\/\\\/www.nadinesalem.fr\\\/actualites-nadine-salem\\\/#primaryimage\"},\"image\":{\"@id\":\"https:\\\/\\\/www.nadinesalem.fr\\\/actualites-nadine-salem\\\/#primaryimage\"},\"thumbnailUrl\":\"https:\\\/\\\/www.nadinesalem.fr\\\/wp-content\\\/uploads\\\/sow-salem-logo.svg\",\"datePublished\":\"2025-10-24T10:16:39+00:00\",\"dateModified\":\"2025-11-25T14:32:11+00:00\",\"description\":\"Retrouvez les actualit\u00e9s de Nadine Salem : derni\u00e8res expositions, mises en ab\u00eeme de ses \u0153uvres, interviews, etc.\",\"breadcrumb\":{\"@id\":\"https:\\\/\\\/www.nadinesalem.fr\\\/actualites-nadine-salem\\\/#breadcrumb\"},\"inLanguage\":\"en-GB\",\"potentialAction\":[{\"@type\":\"ReadAction\",\"target\":[\"https:\\\/\\\/www.nadinesalem.fr\\\/actualites-nadine-salem\\\/\"]}]},{\"@type\":\"ImageObject\",\"inLanguage\":\"en-GB\",\"@id\":\"https:\\\/\\\/www.nadinesalem.fr\\\/actualites-nadine-salem\\\/#primaryimage\",\"url\":\"https:\\\/\\\/www.nadinesalem.fr\\\/wp-content\\\/uploads\\\/sow-salem-logo.svg\",\"contentUrl\":\"https:\\\/\\\/www.nadinesalem.fr\\\/wp-content\\\/uploads\\\/sow-salem-logo.svg\",\"caption\":\"Nadine Salem\"},{\"@type\":\"BreadcrumbList\",\"@id\":\"https:\\\/\\\/www.nadinesalem.fr\\\/actualites-nadine-salem\\\/#breadcrumb\",\"itemListElement\":[{\"@type\":\"ListItem\",\"position\":1,\"name\":\"Home\",\"item\":\"https:\\\/\\\/www.nadinesalem.fr\\\/\"},{\"@type\":\"ListItem\",\"position\":2,\"name\":\"Actualit\u00e9s\"}]},{\"@type\":\"WebSite\",\"@id\":\"https:\\\/\\\/www.nadinesalem.fr\\\/#website\",\"url\":\"https:\\\/\\\/www.nadinesalem.fr\\\/\",\"name\":\"Nadine Salem\",\"description\":\"Le site de Nadine Salem\",\"publisher\":{\"@id\":\"https:\\\/\\\/www.nadinesalem.fr\\\/#organization\"},\"potentialAction\":[{\"@type\":\"SearchAction\",\"target\":{\"@type\":\"EntryPoint\",\"urlTemplate\":\"https:\\\/\\\/www.nadinesalem.fr\\\/?s={search_term_string}\"},\"query-input\":{\"@type\":\"PropertyValueSpecification\",\"valueRequired\":true,\"valueName\":\"search_term_string\"}}],\"inLanguage\":\"en-GB\"},{\"@type\":\"Organization\",\"@id\":\"https:\\\/\\\/www.nadinesalem.fr\\\/#organization\",\"name\":\"Nadine Salem\",\"url\":\"https:\\\/\\\/www.nadinesalem.fr\\\/\",\"logo\":{\"@type\":\"ImageObject\",\"inLanguage\":\"en-GB\",\"@id\":\"https:\\\/\\\/www.nadinesalem.fr\\\/#\\\/schema\\\/logo\\\/image\\\/\",\"url\":\"https:\\\/\\\/www.nadinesalem.fr\\\/wp-content\\\/uploads\\\/sow-salem-logo.svg\",\"contentUrl\":\"https:\\\/\\\/www.nadinesalem.fr\\\/wp-content\\\/uploads\\\/sow-salem-logo.svg\",\"width\":1,\"height\":1,\"caption\":\"Nadine Salem\"},\"image\":{\"@id\":\"https:\\\/\\\/www.nadinesalem.fr\\\/#\\\/schema\\\/logo\\\/image\\\/\"},\"sameAs\":[\"https:\\\/\\\/www.facebook.com\\\/nadine.salem.peintre?locale=fr_FR\"]}]}<\/script>\n<!-- \/ Yoast SEO plugin. -->","yoast_head_json":{"title":"Nadine Salem's News - Nadine Salem","description":"Find the latest news about Nadine Salem: recent exhibitions, reflections on her works, interviews, etc.","robots":{"index":"index","follow":"follow","max-snippet":"max-snippet:-1","max-image-preview":"max-image-preview:large","max-video-preview":"max-video-preview:-1"},"canonical":"https:\/\/www.nadinesalem.fr\/en\/news-nadine-salem\/","og_locale":"en_GB","og_type":"article","og_title":"Actualit\u00e9s Nadine Salem - Nadine Salem","og_description":"Retrouvez les actualit\u00e9s de Nadine Salem : derni\u00e8res expositions, mises en ab\u00eeme de ses \u0153uvres, interviews, etc.","og_url":"https:\/\/www.nadinesalem.fr\/en\/news-nadine-salem\/","og_site_name":"Nadine Salem","article_publisher":"https:\/\/www.facebook.com\/nadine.salem.peintre?locale=fr_FR","article_modified_time":"2025-11-25T14:32:11+00:00","twitter_card":"summary_large_image","twitter_misc":{"Estimated reading time":"5 minutes"},"schema":{"@context":"https:\/\/schema.org","@graph":[{"@type":"WebPage","@id":"https:\/\/www.nadinesalem.fr\/actualites-nadine-salem\/","url":"https:\/\/www.nadinesalem.fr\/actualites-nadine-salem\/","name":"Nadine Salem's News - Nadine Salem","isPartOf":{"@id":"https:\/\/www.nadinesalem.fr\/#website"},"primaryImageOfPage":{"@id":"https:\/\/www.nadinesalem.fr\/actualites-nadine-salem\/#primaryimage"},"image":{"@id":"https:\/\/www.nadinesalem.fr\/actualites-nadine-salem\/#primaryimage"},"thumbnailUrl":"https:\/\/www.nadinesalem.fr\/wp-content\/uploads\/sow-salem-logo.svg","datePublished":"2025-10-24T10:16:39+00:00","dateModified":"2025-11-25T14:32:11+00:00","description":"Find the latest news about Nadine Salem: recent exhibitions, reflections on her works, interviews, etc.","breadcrumb":{"@id":"https:\/\/www.nadinesalem.fr\/actualites-nadine-salem\/#breadcrumb"},"inLanguage":"en-GB","potentialAction":[{"@type":"ReadAction","target":["https:\/\/www.nadinesalem.fr\/actualites-nadine-salem\/"]}]},{"@type":"ImageObject","inLanguage":"en-GB","@id":"https:\/\/www.nadinesalem.fr\/actualites-nadine-salem\/#primaryimage","url":"https:\/\/www.nadinesalem.fr\/wp-content\/uploads\/sow-salem-logo.svg","contentUrl":"https:\/\/www.nadinesalem.fr\/wp-content\/uploads\/sow-salem-logo.svg","caption":"Nadine Salem"},{"@type":"BreadcrumbList","@id":"https:\/\/www.nadinesalem.fr\/actualites-nadine-salem\/#breadcrumb","itemListElement":[{"@type":"ListItem","position":1,"name":"Home","item":"https:\/\/www.nadinesalem.fr\/"},{"@type":"ListItem","position":2,"name":"Actualit\u00e9s"}]},{"@type":"WebSite","@id":"https:\/\/www.nadinesalem.fr\/#website","url":"https:\/\/www.nadinesalem.fr\/","name":"Nadine Salem","description":"Le site de Nadine Salem","publisher":{"@id":"https:\/\/www.nadinesalem.fr\/#organization"},"potentialAction":[{"@type":"SearchAction","target":{"@type":"EntryPoint","urlTemplate":"https:\/\/www.nadinesalem.fr\/?s={search_term_string}"},"query-input":{"@type":"PropertyValueSpecification","valueRequired":true,"valueName":"search_term_string"}}],"inLanguage":"en-GB"},{"@type":"Organization","@id":"https:\/\/www.nadinesalem.fr\/#organization","name":"Nadine Salem","url":"https:\/\/www.nadinesalem.fr\/","logo":{"@type":"ImageObject","inLanguage":"en-GB","@id":"https:\/\/www.nadinesalem.fr\/#\/schema\/logo\/image\/","url":"https:\/\/www.nadinesalem.fr\/wp-content\/uploads\/sow-salem-logo.svg","contentUrl":"https:\/\/www.nadinesalem.fr\/wp-content\/uploads\/sow-salem-logo.svg","width":1,"height":1,"caption":"Nadine Salem"},"image":{"@id":"https:\/\/www.nadinesalem.fr\/#\/schema\/logo\/image\/"},"sameAs":["https:\/\/www.facebook.com\/nadine.salem.peintre?locale=fr_FR"]}]}},"_links":{"self":[{"href":"https:\/\/www.nadinesalem.fr\/en\/wp-json\/wp\/v2\/pages\/270","targetHints":{"allow":["GET"]}}],"collection":[{"href":"https:\/\/www.nadinesalem.fr\/en\/wp-json\/wp\/v2\/pages"}],"about":[{"href":"https:\/\/www.nadinesalem.fr\/en\/wp-json\/wp\/v2\/types\/page"}],"author":[{"embeddable":true,"href":"https:\/\/www.nadinesalem.fr\/en\/wp-json\/wp\/v2\/users\/10"}],"replies":[{"embeddable":true,"href":"https:\/\/www.nadinesalem.fr\/en\/wp-json\/wp\/v2\/comments?post=270"}],"version-history":[{"count":5,"href":"https:\/\/www.nadinesalem.fr\/en\/wp-json\/wp\/v2\/pages\/270\/revisions"}],"predecessor-version":[{"id":1796,"href":"https:\/\/www.nadinesalem.fr\/en\/wp-json\/wp\/v2\/pages\/270\/revisions\/1796"}],"wp:featuredmedia":[{"embeddable":true,"href":"https:\/\/www.nadinesalem.fr\/en\/wp-json\/wp\/v2\/media\/290"}],"wp:attachment":[{"href":"https:\/\/www.nadinesalem.fr\/en\/wp-json\/wp\/v2\/media?parent=270"}],"curies":[{"name":"wp","href":"https:\/\/api.w.org\/{rel}","templated":true}]}}